{"id":4053,"date":"2024-04-15T10:24:07","date_gmt":"2024-04-15T08:24:07","guid":{"rendered":"https:\/\/swissworktime.ch\/referenzen\/handel-und-vertrieb\/"},"modified":"2026-02-18T21:57:39","modified_gmt":"2026-02-18T20:57:39","slug":"handel-und-vertrieb","status":"publish","type":"page","link":"https:\/\/swissworktime.ch\/de\/referenzen\/handel-und-vertrieb\/","title":{"rendered":"Handel und Vertrieb"},"content":{"rendered":"<p>[et_pb_section fb_built=&#8220;1&#8243; _builder_version=&#8220;4.24.2&#8243; _module_preset=&#8220;default&#8220; background_image=&#8220;https:\/\/swissworktime.ch\/wp-content\/uploads\/2024\/05\/swissworktime_horloge_1920x745.png&#8220; custom_padding=&#8220;110px||110px||true|false&#8220; global_colors_info=&#8220;{}&#8220;][et_pb_row column_structure=&#8220;2_5,3_5&#8243; _builder_version=&#8220;4.24.2&#8243; _module_preset=&#8220;default&#8220; width=&#8220;95%&#8220; max_width=&#8220;2560px&#8220; global_colors_info=&#8220;{}&#8220;][et_pb_column type=&#8220;2_5&#8243; _builder_version=&#8220;4.24.2&#8243; _module_preset=&#8220;default&#8220; pac_dcm_carousel_specific_module_num=&#8220;0&#8243; global_colors_info=&#8220;{}&#8220;][et_pb_image src=&#8220;https:\/\/swissworktime.ch\/wp-content\/uploads\/2024\/05\/9-BRUNCARRE-BLANCldpi.svg&#8220; alt=&#8220;Countdown-Symbol&#8220; title_text=&#8220;9 BRUNCARRE BLANCldpi&#8220; align=&#8220;right&#8220; _builder_version=&#8220;4.24.2&#8243; _module_preset=&#8220;default&#8220; height=&#8220;216px&#8220; global_colors_info=&#8220;{}&#8220;][\/et_pb_image][\/et_pb_column][et_pb_column type=&#8220;3_5&#8243; _builder_version=&#8220;4.24.2&#8243; _module_preset=&#8220;default&#8220; pac_dcm_carousel_specific_module_num=&#8220;0&#8243; global_colors_info=&#8220;{}&#8220;][et_pb_text _builder_version=&#8220;4.24.2&#8243; _module_preset=&#8220;default&#8220; text_font=&#8220;Proza Libre||||||||&#8220; text_text_color=&#8220;#000000&#8243; text_font_size=&#8220;30px&#8220; header_font=&#8220;|700|||||||&#8220; header_text_align=&#8220;left&#8220; header_text_color=&#8220;#FFFFFF&#8220; header_font_size=&#8220;40px&#8220; header_2_font=&#8220;Proza Libre|700|||||||&#8220; header_2_text_align=&#8220;center&#8220; header_2_text_color=&#8220;#000000&#8243; header_2_font_size=&#8220;40px&#8220; text_orientation=&#8220;center&#8220; custom_padding=&#8220;15px|||||&#8220; text_line_height_tablet=&#8220;&#8220; text_line_height_phone=&#8220;1.5em&#8220; text_line_height_last_edited=&#8220;on|phone&#8220; header_font_size_tablet=&#8220;36px&#8220; header_font_size_phone=&#8220;32px&#8220; header_font_size_last_edited=&#8220;on|phone&#8220; header_2_font_size_tablet=&#8220;36px&#8220; header_2_font_size_phone=&#8220;32px&#8220; header_2_font_size_last_edited=&#8220;on|phone&#8220; global_colors_info=&#8220;{}&#8220;]<\/p>\n<h1>Handel und Vertrieb<\/h1>\n<p>[\/et_pb_text][\/et_pb_column][\/et_pb_row][\/et_pb_section][et_pb_section fb_built=&#8220;1&#8243; _builder_version=&#8220;4.16&#8243; _module_preset=&#8220;default&#8220; global_colors_info=&#8220;{}&#8220;][et_pb_row admin_label=&#8220;Handel und Vertrieb&#8220; _builder_version=&#8220;4.24.2&#8243; _module_preset=&#8220;default&#8220; global_colors_info=&#8220;{}&#8220;][et_pb_column type=&#8220;4_4&#8243; _builder_version=&#8220;4.16&#8243; _module_preset=&#8220;default&#8220; pac_dcm_carousel_specific_module_num=&#8220;0&#8243; global_colors_info=&#8220;{}&#8220;][et_pb_code _builder_version=&#8220;4.27.5&#8243; _module_preset=&#8220;default&#8220; global_colors_info=&#8220;{}&#8220;]<button class=\"btnRef\" onclick=\"history.go(-1)\">&lt; ZUR\u00dcCK<\/button>[\/et_pb_code][et_pb_text _builder_version=&#8220;4.24.2&#8243; _module_preset=&#8220;default&#8220; global_colors_info=&#8220;{}&#8220;]<\/p>\n<div class= \"bloc\" style=\"margin-top:20px;\"><hr><div class = \"divBloc\"><a href=\"https:\/\/www.lietti.ch\" target=\"_blank\" title=\"Ferd. Lietti SA\"><img class = \"imgBloc\"src=\"https:\/\/swissworktime.ch\/company-references\/images\/ferdlietti1.jpg\" alt =\"Ferd. Lietti SA\"><\/a><\/div><div class = \"divBloc\"><a href=\"https:\/\/www.interoffice-vs.ch\" target=\"_blank\" title=\"interoffice\"><img class = \"imgBloc\"src=\"https:\/\/swissworktime.ch\/company-references\/images\/interoffice.png\" alt =\"interoffice\"><\/a><\/div><div class = \"divBloc\"><a href=\"http:\/\/www.lapetiteepicerie.ch\" target=\"_blank\" title=\"La Petite \u00c9picerie\"><img class = \"imgBloc\"src=\"https:\/\/swissworktime.ch\/company-references\/images\/lapetiteepicerie.png\" alt =\"La Petite \u00c9picerie\"><\/a><\/div><div class = \"divBloc\"><a href=\"https:\/\/boucheriesanetsch.ch\/\" target=\"_blank\" title=\"Boucherie Epicerie du Sanetsch\"><img class = \"imgBloc\"src=\"https:\/\/swissworktime.ch\/company-references\/images\/BoucherieSanetsch.png\" alt =\"Boucherie Epicerie du Sanetsch\"><\/a><\/div><div class = \"divBloc\"><a href=\"https:\/\/www.lacave-vevey-montreux.ch\/\" target=\"_blank\" title=\"La Cave Vevey-Montreux\"><img class = \"imgBloc\"src=\"https:\/\/swissworktime.ch\/company-references\/images\/CaveVeveyMontreux.png\" alt =\"La Cave Vevey-Montreux\"><\/a><\/div><div class = \"divBloc\"><img class = \"imgBloc\"src=\"https:\/\/swissworktime.ch\/company-references\/images\/MarcheLaTzoumaz.png\" alt =\"March\u00e9 La Tzoumaz S\u00e0rl\"><\/div><div class = \"divBloc\"><a href=\"https:\/\/www.fer-vs.ch\/\" target=\"_blank\" title=\"FER-Vs\"><img class = \"imgBloc\"src=\"https:\/\/swissworktime.ch\/company-references\/images\/FER-VS.png\" alt =\"FER-Vs\"><\/a><\/div><div class = \"divBloc\"><a href=\"https:\/\/www.hedonistica.ch\/\" target=\"_blank\" title=\"Hedonistica S\u00e0rl\"><img class = \"imgBloc\"src=\"https:\/\/swissworktime.ch\/company-references\/images\/hedonistica.png\" alt =\"Hedonistica S\u00e0rl\"><\/a><\/div><div class = \"divBloc\"><a href=\"https:\/\/confiland.com\/\" target=\"_blank\" title=\"Confiland Swiss Selection SA\"><img class = \"imgBloc\"src=\"https:\/\/swissworktime.ch\/company-references\/images\/confiland-swiss-selection-sa2.png\" alt =\"Confiland Swiss Selection SA\"><\/a><\/div><div class = \"divBloc\"><a href=\"https:\/\/new-rancio.ch\/\" target=\"_blank\" title=\"New Rancio S\u00e0rl\"><img class = \"imgBloc\"src=\"https:\/\/swissworktime.ch\/company-references\/images\/new-rancio-sarl.png\" alt =\"New Rancio S\u00e0rl\"><\/a><\/div><div class = \"divBloc\"><a href=\"https:\/\/www.fleursion.ch\/\" target=\"_blank\" title=\"Des Lys & D\u00e9lices S\u00e0rl\"><img class = \"imgBloc\"src=\"https:\/\/swissworktime.ch\/company-references\/images\/des-lys-et-delices-sarl.png\" alt =\"Des Lys & D\u00e9lices S\u00e0rl\"><\/a><\/div><div class = \"divBloc\"><a href=\"https:\/\/chaeslaube-zuerich.ch\/\" target=\"_blank\" title=\"Herbula GmbH \/ Ch\u00e4sLaube\"><img class = \"imgBloc\"src=\"https:\/\/swissworktime.ch\/company-references\/images\/herbula-gmbh-chaeslaube.png\" alt =\"Herbula GmbH \/ Ch\u00e4sLaube\"><\/a><\/div><div class = \"divBloc\"><a href=\"https:\/\/virage.ch\/\" target=\"_blank\" title=\"Virage Sport\"><img class = \"imgBloc\"src=\"https:\/\/swissworktime.ch\/company-references\/images\/virage-sport.png\" alt =\"Virage Sport\"><\/a><\/div><div class = \"divBloc\"><a href=\"https:\/\/drahtex.com\/de\/index.php\" target=\"_blank\" title=\"Drahtex AG\"><img class = \"imgBloc\"src=\"https:\/\/swissworktime.ch\/company-references\/images\/drahtex-ag.png\" alt =\"Drahtex AG\"><\/a><\/div><div class = \"divBloc\"><a href=\"https:\/\/sts-store.ch\/\" target=\"_blank\" title=\"SWISS TOP SERVICES S.A.\"><img class = \"imgBloc\"src=\"https:\/\/swissworktime.ch\/company-references\/images\/swiss-top-services-sa.png\" alt =\"SWISS TOP SERVICES S.A.\"><\/a><\/div><div class = \"divBloc\"><a href=\"https:\/\/www.restorex.ch\/\" target=\"_blank\" title=\"Restorex cuisines professionnelles SA\"><img class = \"imgBloc\"src=\"https:\/\/swissworktime.ch\/company-references\/images\/restorex-cuisines-professionnelles-sa.png\" alt =\"Restorex cuisines professionnelles SA\"><\/a><\/div><div class = \"divBloc\"><a href=\"https:\/\/kaempf.swiss\/\" target=\"_blank\" title=\"K\u00e4mpf Fournitures Laiti\u00e8res S\u00e0rl\"><img class = \"imgBloc\"src=\"https:\/\/swissworktime.ch\/company-references\/images\/kaempf-fournitures-laitieres-sarl.png\" alt =\"K\u00e4mpf Fournitures Laiti\u00e8res S\u00e0rl\"><\/a><\/div><div class = \"divBloc\"><a href=\"https:\/\/fromagerie-hauderes.ch\/\" target=\"_blank\" title=\"Laiterie Centrale de la Commune d'Evol\u00e8ne\"><img class = \"imgBloc\"src=\"https:\/\/swissworktime.ch\/company-references\/images\/laiterie-centrale-de-la-commune-devolene.png\" alt =\"Laiterie Centrale de la Commune d'Evol\u00e8ne\"><\/a><\/div><div class = \"divBloc\"><img class = \"imgBloc\"src=\"https:\/\/swissworktime.ch\/company-references\/images\/faessler-sarl.png\" alt =\"F\u00e4ssler S\u00e0rl\"><\/div><div class = \"divBloc\"><a href=\"https:\/\/ottoklein.ch\/index.html#\" target=\"_blank\" title=\"OTTO KLEIN SA\"><img class = \"imgBloc\"src=\"https:\/\/swissworktime.ch\/company-references\/images\/otto-klein-sa.png\" alt =\"OTTO KLEIN SA\"><\/a><\/div><\/div>\n<p>[\/et_pb_text][\/et_pb_column][\/et_pb_row][\/et_pb_section]<\/p>\n","protected":false},"excerpt":{"rendered":"<p>Handel und Vertrieb<div class= \"bloc\" style=\"margin-top:20px;\"><hr><div class = \"divBloc\"><a href=\"https:\/\/www.lietti.ch\" target=\"_blank\" title=\"Ferd. Lietti SA\"><img class = \"imgBloc\"src=\"https:\/\/swissworktime.ch\/company-references\/images\/ferdlietti1.jpg\" alt =\"Ferd. Lietti SA\"><\/a><\/div><div class = \"divBloc\"><a href=\"https:\/\/www.interoffice-vs.ch\" target=\"_blank\" title=\"interoffice\"><img class = \"imgBloc\"src=\"https:\/\/swissworktime.ch\/company-references\/images\/interoffice.png\" alt =\"interoffice\"><\/a><\/div><div class = \"divBloc\"><a href=\"http:\/\/www.lapetiteepicerie.ch\" target=\"_blank\" title=\"La Petite \u00c9picerie\"><img class = \"imgBloc\"src=\"https:\/\/swissworktime.ch\/company-references\/images\/lapetiteepicerie.png\" alt =\"La Petite \u00c9picerie\"><\/a><\/div><div class = \"divBloc\"><a href=\"https:\/\/boucheriesanetsch.ch\/\" target=\"_blank\" title=\"Boucherie Epicerie du Sanetsch\"><img class = \"imgBloc\"src=\"https:\/\/swissworktime.ch\/company-references\/images\/BoucherieSanetsch.png\" alt =\"Boucherie Epicerie du Sanetsch\"><\/a><\/div><div class = \"divBloc\"><a href=\"https:\/\/www.lacave-vevey-montreux.ch\/\" target=\"_blank\" title=\"La Cave Vevey-Montreux\"><img class = \"imgBloc\"src=\"https:\/\/swissworktime.ch\/company-references\/images\/CaveVeveyMontreux.png\" alt =\"La Cave Vevey-Montreux\"><\/a><\/div><div class = \"divBloc\"><img class = \"imgBloc\"src=\"https:\/\/swissworktime.ch\/company-references\/images\/MarcheLaTzoumaz.png\" alt =\"March\u00e9 La Tzoumaz S\u00e0rl\"><\/div><div class = \"divBloc\"><a href=\"https:\/\/www.fer-vs.ch\/\" target=\"_blank\" title=\"FER-Vs\"><img class = \"imgBloc\"src=\"https:\/\/swissworktime.ch\/company-references\/images\/FER-VS.png\" alt =\"FER-Vs\"><\/a><\/div><div class = \"divBloc\"><a href=\"https:\/\/www.hedonistica.ch\/\" target=\"_blank\" title=\"Hedonistica S\u00e0rl\"><img class = \"imgBloc\"src=\"https:\/\/swissworktime.ch\/company-references\/images\/hedonistica.png\" alt =\"Hedonistica S\u00e0rl\"><\/a><\/div><div class = \"divBloc\"><a href=\"https:\/\/confiland.com\/\" target=\"_blank\" title=\"Confiland Swiss Selection SA\"><img class = \"imgBloc\"src=\"https:\/\/swissworktime.ch\/company-references\/images\/confiland-swiss-selection-sa2.png\" alt =\"Confiland Swiss Selection SA\"><\/a><\/div><div class = \"divBloc\"><a href=\"https:\/\/new-rancio.ch\/\" target=\"_blank\" title=\"New Rancio S\u00e0rl\"><img class = \"imgBloc\"src=\"https:\/\/swissworktime.ch\/company-references\/images\/new-rancio-sarl.png\" alt =\"New Rancio S\u00e0rl\"><\/a><\/div><div class = \"divBloc\"><a href=\"https:\/\/www.fleursion.ch\/\" target=\"_blank\" title=\"Des Lys & D\u00e9lices S\u00e0rl\"><img class = \"imgBloc\"src=\"https:\/\/swissworktime.ch\/company-references\/images\/des-lys-et-delices-sarl.png\" alt =\"Des Lys & D\u00e9lices S\u00e0rl\"><\/a><\/div><div class = \"divBloc\"><a href=\"https:\/\/chaeslaube-zuerich.ch\/\" target=\"_blank\" title=\"Herbula GmbH \/ Ch\u00e4sLaube\"><img class = \"imgBloc\"src=\"https:\/\/swissworktime.ch\/company-references\/images\/herbula-gmbh-chaeslaube.png\" alt =\"Herbula GmbH \/ Ch\u00e4sLaube\"><\/a><\/div><div class = \"divBloc\"><a href=\"https:\/\/virage.ch\/\" target=\"_blank\" title=\"Virage Sport\"><img class = \"imgBloc\"src=\"https:\/\/swissworktime.ch\/company-references\/images\/virage-sport.png\" alt =\"Virage Sport\"><\/a><\/div><div class = \"divBloc\"><a href=\"https:\/\/drahtex.com\/de\/index.php\" target=\"_blank\" title=\"Drahtex AG\"><img class = \"imgBloc\"src=\"https:\/\/swissworktime.ch\/company-references\/images\/drahtex-ag.png\" alt =\"Drahtex AG\"><\/a><\/div><div class = \"divBloc\"><a href=\"https:\/\/sts-store.ch\/\" target=\"_blank\" title=\"SWISS TOP SERVICES S.A.\"><img class = \"imgBloc\"src=\"https:\/\/swissworktime.ch\/company-references\/images\/swiss-top-services-sa.png\" alt =\"SWISS TOP SERVICES S.A.\"><\/a><\/div><div class = \"divBloc\"><a href=\"https:\/\/www.restorex.ch\/\" target=\"_blank\" title=\"Restorex cuisines professionnelles SA\"><img class = \"imgBloc\"src=\"https:\/\/swissworktime.ch\/company-references\/images\/restorex-cuisines-professionnelles-sa.png\" alt =\"Restorex cuisines professionnelles SA\"><\/a><\/div><div class = \"divBloc\"><a href=\"https:\/\/kaempf.swiss\/\" target=\"_blank\" title=\"K\u00e4mpf Fournitures Laiti\u00e8res S\u00e0rl\"><img class = \"imgBloc\"src=\"https:\/\/swissworktime.ch\/company-references\/images\/kaempf-fournitures-laitieres-sarl.png\" alt =\"K\u00e4mpf Fournitures Laiti\u00e8res S\u00e0rl\"><\/a><\/div><div class = \"divBloc\"><a href=\"https:\/\/fromagerie-hauderes.ch\/\" target=\"_blank\" title=\"Laiterie Centrale de la Commune d'Evol\u00e8ne\"><img class = \"imgBloc\"src=\"https:\/\/swissworktime.ch\/company-references\/images\/laiterie-centrale-de-la-commune-devolene.png\" alt =\"Laiterie Centrale de la Commune d'Evol\u00e8ne\"><\/a><\/div><div class = \"divBloc\"><img class = \"imgBloc\"src=\"https:\/\/swissworktime.ch\/company-references\/images\/faessler-sarl.png\" alt =\"F\u00e4ssler S\u00e0rl\"><\/div><div class = \"divBloc\"><a href=\"https:\/\/ottoklein.ch\/index.html#\" target=\"_blank\" title=\"OTTO KLEIN SA\"><img class = \"imgBloc\"src=\"https:\/\/swissworktime.ch\/company-references\/images\/otto-klein-sa.png\" alt =\"OTTO KLEIN SA\"><\/a><\/div><\/div><\/p>\n","protected":false},"author":2,"featured_media":0,"parent":2412,"menu_order":0,"comment_status":"closed","ping_status":"closed","template":"","meta":{"_et_pb_use_builder":"on","_et_pb_old_content":"","_et_gb_content_width":"","inline_featured_image":false,"footnotes":""},"class_list":["post-4053","page","type-page","status-publish","hentry"],"yoast_head":"<!-- This site is optimized with the Yoast SEO plugin v27.3 - https:\/\/yoast.com\/product\/yoast-seo-wordpress\/ -->\n<title>Handel und Vertrieb - SwissWorkTime<\/title>\n<meta name=\"description\" content=\"Unternehmen aus dem Bereich Handel vertrauen SwissWorkTime bei der Erfassung ihrer Arbeitszeiten und Aktivit\u00e4ten.\" \/>\n<meta name=\"robots\" content=\"noindex, nofollow\" \/>\n<meta property=\"og:locale\" content=\"de_DE\" \/>\n<meta property=\"og:type\" content=\"article\" \/>\n<meta property=\"og:title\" content=\"Handel und Vertrieb - SwissWorkTime\" \/>\n<meta property=\"og:description\" content=\"Unternehmen aus dem Bereich Handel vertrauen SwissWorkTime bei der Erfassung ihrer Arbeitszeiten und Aktivit\u00e4ten.\" \/>\n<meta property=\"og:url\" content=\"https:\/\/swissworktime.ch\/de\/referenzen\/handel-und-vertrieb\/\" \/>\n<meta property=\"og:site_name\" content=\"SwissWorkTime\" \/>\n<meta property=\"article:publisher\" content=\"https:\/\/www.facebook.com\/swissworktime\" \/>\n<meta property=\"article:modified_time\" content=\"2026-02-18T20:57:39+00:00\" \/>\n<meta property=\"og:image\" content=\"https:\/\/swissworktime.ch\/wp-content\/uploads\/2022\/11\/logo_swissworktime.png\" \/>\n\t<meta property=\"og:image:width\" content=\"430\" \/>\n\t<meta property=\"og:image:height\" content=\"430\" \/>\n\t<meta property=\"og:image:type\" content=\"image\/png\" \/>\n<meta name=\"twitter:card\" content=\"summary_large_image\" \/>\n<meta name=\"twitter:label1\" content=\"Gesch\u00e4tzte Lesezeit\" \/>\n\t<meta name=\"twitter:data1\" content=\"2\u00a0Minuten\" \/>\n<script type=\"application\/ld+json\" class=\"yoast-schema-graph\">{\"@context\":\"https:\\\/\\\/schema.org\",\"@graph\":[{\"@type\":\"WebPage\",\"@id\":\"https:\\\/\\\/swissworktime.ch\\\/de\\\/referenzen\\\/handel-und-vertrieb\\\/\",\"url\":\"https:\\\/\\\/swissworktime.ch\\\/de\\\/referenzen\\\/handel-und-vertrieb\\\/\",\"name\":\"Handel und Vertrieb - SwissWorkTime\",\"isPartOf\":{\"@id\":\"https:\\\/\\\/swissworktime.ch\\\/de\\\/#website\"},\"datePublished\":\"2024-04-15T08:24:07+00:00\",\"dateModified\":\"2026-02-18T20:57:39+00:00\",\"description\":\"Unternehmen aus dem Bereich Handel vertrauen SwissWorkTime bei der Erfassung ihrer Arbeitszeiten und Aktivit\u00e4ten.\",\"breadcrumb\":{\"@id\":\"https:\\\/\\\/swissworktime.ch\\\/de\\\/referenzen\\\/handel-und-vertrieb\\\/#breadcrumb\"},\"inLanguage\":\"de\",\"potentialAction\":[{\"@type\":\"ReadAction\",\"target\":[\"https:\\\/\\\/swissworktime.ch\\\/de\\\/referenzen\\\/handel-und-vertrieb\\\/\"]}]},{\"@type\":\"BreadcrumbList\",\"@id\":\"https:\\\/\\\/swissworktime.ch\\\/de\\\/referenzen\\\/handel-und-vertrieb\\\/#breadcrumb\",\"itemListElement\":[{\"@type\":\"ListItem\",\"position\":1,\"name\":\"Accueil\",\"item\":\"https:\\\/\\\/swissworktime.ch\\\/de\\\/\"},{\"@type\":\"ListItem\",\"position\":2,\"name\":\"Referenzen\",\"item\":\"https:\\\/\\\/swissworktime.ch\\\/de\\\/referenzen\\\/\"},{\"@type\":\"ListItem\",\"position\":3,\"name\":\"Handel und Vertrieb\"}]},{\"@type\":\"WebSite\",\"@id\":\"https:\\\/\\\/swissworktime.ch\\\/de\\\/#website\",\"url\":\"https:\\\/\\\/swissworktime.ch\\\/de\\\/\",\"name\":\"SwissWorkTime\",\"description\":\"App pour la gestion et la saisie des heures de travail\",\"publisher\":{\"@id\":\"https:\\\/\\\/swissworktime.ch\\\/de\\\/#organization\"},\"potentialAction\":[{\"@type\":\"SearchAction\",\"target\":{\"@type\":\"EntryPoint\",\"urlTemplate\":\"https:\\\/\\\/swissworktime.ch\\\/de\\\/?s={search_term_string}\"},\"query-input\":{\"@type\":\"PropertyValueSpecification\",\"valueRequired\":true,\"valueName\":\"search_term_string\"}}],\"inLanguage\":\"de\"},{\"@type\":\"Organization\",\"@id\":\"https:\\\/\\\/swissworktime.ch\\\/de\\\/#organization\",\"name\":\"SwissWorkTime\",\"url\":\"https:\\\/\\\/swissworktime.ch\\\/de\\\/\",\"logo\":{\"@type\":\"ImageObject\",\"inLanguage\":\"de\",\"@id\":\"https:\\\/\\\/swissworktime.ch\\\/de\\\/#\\\/schema\\\/logo\\\/image\\\/\",\"url\":\"https:\\\/\\\/swissworktime.ch\\\/wp-content\\\/uploads\\\/2021\\\/02\\\/logoSWT_header.png\",\"contentUrl\":\"https:\\\/\\\/swissworktime.ch\\\/wp-content\\\/uploads\\\/2021\\\/02\\\/logoSWT_header.png\",\"width\":1024,\"height\":250,\"caption\":\"SwissWorkTime\"},\"image\":{\"@id\":\"https:\\\/\\\/swissworktime.ch\\\/de\\\/#\\\/schema\\\/logo\\\/image\\\/\"},\"sameAs\":[\"https:\\\/\\\/www.facebook.com\\\/swissworktime\"]}]}<\/script>\n<!-- \/ Yoast SEO plugin. -->","yoast_head_json":{"title":"Handel und Vertrieb - SwissWorkTime","description":"Unternehmen aus dem Bereich Handel vertrauen SwissWorkTime bei der Erfassung ihrer Arbeitszeiten und Aktivit\u00e4ten.","robots":{"index":"noindex","follow":"nofollow"},"og_locale":"de_DE","og_type":"article","og_title":"Handel und Vertrieb - SwissWorkTime","og_description":"Unternehmen aus dem Bereich Handel vertrauen SwissWorkTime bei der Erfassung ihrer Arbeitszeiten und Aktivit\u00e4ten.","og_url":"https:\/\/swissworktime.ch\/de\/referenzen\/handel-und-vertrieb\/","og_site_name":"SwissWorkTime","article_publisher":"https:\/\/www.facebook.com\/swissworktime","article_modified_time":"2026-02-18T20:57:39+00:00","og_image":[{"width":430,"height":430,"url":"https:\/\/swissworktime.ch\/wp-content\/uploads\/2022\/11\/logo_swissworktime.png","type":"image\/png"}],"twitter_card":"summary_large_image","twitter_misc":{"Gesch\u00e4tzte Lesezeit":"2\u00a0Minuten"},"schema":{"@context":"https:\/\/schema.org","@graph":[{"@type":"WebPage","@id":"https:\/\/swissworktime.ch\/de\/referenzen\/handel-und-vertrieb\/","url":"https:\/\/swissworktime.ch\/de\/referenzen\/handel-und-vertrieb\/","name":"Handel und Vertrieb - SwissWorkTime","isPartOf":{"@id":"https:\/\/swissworktime.ch\/de\/#website"},"datePublished":"2024-04-15T08:24:07+00:00","dateModified":"2026-02-18T20:57:39+00:00","description":"Unternehmen aus dem Bereich Handel vertrauen SwissWorkTime bei der Erfassung ihrer Arbeitszeiten und Aktivit\u00e4ten.","breadcrumb":{"@id":"https:\/\/swissworktime.ch\/de\/referenzen\/handel-und-vertrieb\/#breadcrumb"},"inLanguage":"de","potentialAction":[{"@type":"ReadAction","target":["https:\/\/swissworktime.ch\/de\/referenzen\/handel-und-vertrieb\/"]}]},{"@type":"BreadcrumbList","@id":"https:\/\/swissworktime.ch\/de\/referenzen\/handel-und-vertrieb\/#breadcrumb","itemListElement":[{"@type":"ListItem","position":1,"name":"Accueil","item":"https:\/\/swissworktime.ch\/de\/"},{"@type":"ListItem","position":2,"name":"Referenzen","item":"https:\/\/swissworktime.ch\/de\/referenzen\/"},{"@type":"ListItem","position":3,"name":"Handel und Vertrieb"}]},{"@type":"WebSite","@id":"https:\/\/swissworktime.ch\/de\/#website","url":"https:\/\/swissworktime.ch\/de\/","name":"SwissWorkTime","description":"App pour la gestion et la saisie des heures de travail","publisher":{"@id":"https:\/\/swissworktime.ch\/de\/#organization"},"potentialAction":[{"@type":"SearchAction","target":{"@type":"EntryPoint","urlTemplate":"https:\/\/swissworktime.ch\/de\/?s={search_term_string}"},"query-input":{"@type":"PropertyValueSpecification","valueRequired":true,"valueName":"search_term_string"}}],"inLanguage":"de"},{"@type":"Organization","@id":"https:\/\/swissworktime.ch\/de\/#organization","name":"SwissWorkTime","url":"https:\/\/swissworktime.ch\/de\/","logo":{"@type":"ImageObject","inLanguage":"de","@id":"https:\/\/swissworktime.ch\/de\/#\/schema\/logo\/image\/","url":"https:\/\/swissworktime.ch\/wp-content\/uploads\/2021\/02\/logoSWT_header.png","contentUrl":"https:\/\/swissworktime.ch\/wp-content\/uploads\/2021\/02\/logoSWT_header.png","width":1024,"height":250,"caption":"SwissWorkTime"},"image":{"@id":"https:\/\/swissworktime.ch\/de\/#\/schema\/logo\/image\/"},"sameAs":["https:\/\/www.facebook.com\/swissworktime"]}]}},"_links":{"self":[{"href":"https:\/\/swissworktime.ch\/de\/wp-json\/wp\/v2\/pages\/4053","targetHints":{"allow":["GET"]}}],"collection":[{"href":"https:\/\/swissworktime.ch\/de\/wp-json\/wp\/v2\/pages"}],"about":[{"href":"https:\/\/swissworktime.ch\/de\/wp-json\/wp\/v2\/types\/page"}],"author":[{"embeddable":true,"href":"https:\/\/swissworktime.ch\/de\/wp-json\/wp\/v2\/users\/2"}],"replies":[{"embeddable":true,"href":"https:\/\/swissworktime.ch\/de\/wp-json\/wp\/v2\/comments?post=4053"}],"version-history":[{"count":4,"href":"https:\/\/swissworktime.ch\/de\/wp-json\/wp\/v2\/pages\/4053\/revisions"}],"predecessor-version":[{"id":257455,"href":"https:\/\/swissworktime.ch\/de\/wp-json\/wp\/v2\/pages\/4053\/revisions\/257455"}],"up":[{"embeddable":true,"href":"https:\/\/swissworktime.ch\/de\/wp-json\/wp\/v2\/pages\/2412"}],"wp:attachment":[{"href":"https:\/\/swissworktime.ch\/de\/wp-json\/wp\/v2\/media?parent=4053"}],"curies":[{"name":"wp","href":"https:\/\/api.w.org\/{rel}","templated":true}]}}